{"version":"1.0","provider_name":"MSP Teambuilding","provider_url":"https:\/\/mspteambuilding.ca\/fr\/","title":"Conciliation vie professionnelle et vie priv\u00e9e","type":"rich","width":600,"height":338,"html":"<blockquote class=\"wp-embedded-content\" data-secret=\"N0MkAYJdGJ\"><a href=\"https:\/\/mspteambuilding.ca\/fr\/produit\/conciliation-vie-professionnelle-et-vie-privee\/\">Conciliation vie professionnelle et vie priv\u00e9e<\/a><\/blockquote><iframe sandbox=\"allow-scripts\" security=\"restricted\" src=\"https:\/\/mspteambuilding.ca\/fr\/produit\/conciliation-vie-professionnelle-et-vie-privee\/embed\/#?secret=N0MkAYJdGJ\" width=\"600\" height=\"338\" title=\"\u00ab\u00a0Conciliation vie professionnelle et vie priv\u00e9e\u00a0\u00bb &#8212; MSP Teambuilding\" data-secret=\"N0MkAYJdGJ\" frameborder=\"0\" marginwidth=\"0\" marginheight=\"0\" scrolling=\"no\" class=\"wp-embedded-content\"><\/iframe><script type=\"text\/javascript\">\n\/* <![CDATA[ *\/\n\/*! This file is auto-generated *\/\n!function(d,l){\"use strict\";l.querySelector&&d.addEventListener&&\"undefined\"!=typeof URL&&(d.wp=d.wp||{},d.wp.receiveEmbedMessage||(d.wp.receiveEmbedMessage=function(e){var t=e.data;if((t||t.secret||t.message||t.value)&&!\/[^a-zA-Z0-9]\/.test(t.secret)){for(var s,r,n,a=l.querySelectorAll('iframe[data-secret=\"'+t.secret+'\"]'),o=l.querySelectorAll('blockquote[data-secret=\"'+t.secret+'\"]'),c=new RegExp(\"^https?:$\",\"i\"),i=0;i<o.length;i++)o[i].style.display=\"none\";for(i=0;i<a.length;i++)s=a[i],e.source===s.contentWindow&&(s.removeAttribute(\"style\"),\"height\"===t.message?(1e3<(r=parseInt(t.value,10))?r=1e3:~~r<200&&(r=200),s.height=r):\"link\"===t.message&&(r=new URL(s.getAttribute(\"src\")),n=new URL(t.value),c.test(n.protocol))&&n.host===r.host&&l.activeElement===s&&(d.top.location.href=t.value))}},d.addEventListener(\"message\",d.wp.receiveEmbedMessage,!1),l.addEventListener(\"DOMContentLoaded\",function(){for(var e,t,s=l.querySelectorAll(\"iframe.wp-embedded-content\"),r=0;r<s.length;r++)(t=(e=s[r]).getAttribute(\"data-secret\"))||(t=Math.random().toString(36).substring(2,12),e.src+=\"#?secret=\"+t,e.setAttribute(\"data-secret\",t)),e.contentWindow.postMessage({message:\"ready\",secret:t},\"*\")},!1)))}(window,document);\n\/\/# sourceURL=https:\/\/mspteambuilding.ca\/wp-includes\/js\/wp-embed.min.js\n\/* ]]> *\/\n<\/script>\n","thumbnail_url":"https:\/\/mspteambuilding.ca\/wp-content\/uploads\/2023\/09\/woman-with-iphone-1.jpg","thumbnail_width":500,"thumbnail_height":500,"description":"Parvenez \u00e0 un \u00e9quilibre vie professionnelle \/ vie priv\u00e9e ! Apprenez \u00e0 fixer des limites, \u00e0 \u00e9tablir des priorit\u00e9s et \u00e0 prendre des habitudes quotidiennes pour r\u00e9ussir sur le plan personnel et professionnel dans le cadre de cet atelier passionnant. Id\u00e9al pour les personnes confront\u00e9es \u00e0 des changements personnels ou professionnels. Rejoignez-nous pour des pr\u00e9sentations, des exercices interactifs et des id\u00e9es pratiques. Id\u00e9al pour:  La formation d'\u00e9quipe  G\u00e9rer le stress  Le bien-\u00eatre des employ\u00e9s Taille du groupe : N\/A"}