{"id":17004,"date":"2023-03-25T20:53:25","date_gmt":"2023-03-25T20:53:25","guid":{"rendered":"https:\/\/mspteambuilding.ca\/diversite-equite-inclusion\/"},"modified":"2025-09-25T02:28:11","modified_gmt":"2025-09-25T02:28:11","slug":"diversite-equite-inclusion","status":"publish","type":"page","link":"https:\/\/mspteambuilding.ca\/fr\/diversite-equite-inclusion\/","title":{"rendered":"Diversit\u00e9, \u00c9quit\u00e9, Inclusion"},"content":{"rendered":"<div class=\"wpb-content-wrapper\"><p>[vc_row][vc_column][vc_column_text]<span style=\"vertical-align: inherit;\"><span style=\"vertical-align: inherit;\">[\/vc_column_text][\/vc_column][\/vc_row][vc_row][vc_column][vc_column_text] <\/span><\/span><span style=\"vertical-align: inherit;\"><span style=\"vertical-align: inherit;\"><span style=\"vertical-align: inherit;\"><span style=\"vertical-align: inherit;\">[\/vc_column_text][\/vc_column][\/vc_row][vc_row][vc_column][vc_column_text] <\/span><\/span><\/span><\/span><span style=\"vertical-align: inherit;\"><span style=\"vertical-align: inherit;\"><span style=\"vertical-align: inherit;\"><span style=\"vertical-align: inherit;\"><span style=\"vertical-align: inherit;\"><span style=\"vertical-align: inherit;\">[\/vc_column_text][\/vc_column][\/vc_row][vc_row][vc_column][vc_empty_space height=&#8221;16px&#8221;][\/vc_column][\/vc_row][vc_row][vc_column width=&#8221;1\/2&#8243;][vc_column_text]<\/span><\/span><\/span><\/span><\/span><\/span><\/p>\n<h2 style=\"text-align: left;\"><span style=\"color: #1084e0;\">Diversit\u00e9<\/span>, \u00c9quit\u00e9, <span style=\"color: #1084e0;\">Inclusion<\/span><\/h2>\n<p>[\/vc_column_text][vc_empty_space height=&#8221;&#8221;][vc_column_text css=&#8221;.vc_custom_1680116365089{padding-top: 20px !important;padding-bottom: 20px !important;}&#8221;]Chez MSP Teambuilding, nous croyons fortement qu&#8217;un lieu de travail inclusif et diversifi\u00e9 est non seulement imp\u00e9ratif pour un environnement de travail positif et sain, mais qu&#8217;il joue \u00e9galement un r\u00f4le vital pour stimuler l&#8217;innovation, favoriser la cr\u00e9ativit\u00e9 et, ainsi, cr\u00e9er le succ\u00e8s d&#8217;une entreprise.<\/p>\n<p>Notre engagement ind\u00e9fectible \u00e0 promouvoir la diversit\u00e9, l&#8217;\u00e9quit\u00e9 et l&#8217;inclusion (DEI) \u00e0 tous les niveaux de notre organisation se refl\u00e8te dans les solutions que nous proposons \u00e0 nos clients.<\/p>\n<p>Alors que les entreprises reconnaissent de plus en plus l&#8217;importance de la DEI, il est devenu plus important que jamais d&#8217;adopter ces concepts et de les int\u00e9grer dans votre culture d&#8217;entreprise.[\/vc_column_text][\/vc_column][vc_column width=&#8221;1\/2&#8243;][vc_single_image image=&#8221;16873&#8243; img_size=&#8221;635&#215;425&#8243; alignment=&#8221;center&#8221; css=&#8221;.vc_custom_1680120710601{border-radius: 10px !important;}&#8221;][\/vc_column][\/vc_row][vc_row content_aligment=&#8221;center&#8221; css=&#8221;.vc_custom_1675096138723{padding-top: 45px !important;}&#8221;][vc_column width=&#8221;1\/6&#8243;][\/vc_column][vc_column width=&#8221;1\/3&#8243; css=&#8221;.vc_custom_1675096541264{padding-top: 10px !important;}&#8221;]<a href=\"https:\/\/calendly.com\/claire-mspteambuilding\" target=\"_blank\" style=\"font-size: 18px;font-weight: 500\" class=\"edgtf-btn edgtf-btn-large edgtf-btn-solid edgtf-btn-bckg-hover\"  >\n\t\t\t<span class=\"edgtf-btn-text\">R\u00c9SERVEZ UN APPEL<\/span>\n\t    <\/a>[\/vc_column][vc_column width=&#8221;1\/3&#8243; css=&#8221;.vc_custom_1675096104970{padding-top: 10px !important;}&#8221;][\/vc_column][vc_column width=&#8221;1\/6&#8243;][\/vc_column][\/vc_row][vc_row css=&#8221;.vc_custom_1679775808372{padding-top: 50px !important;}&#8221;][vc_column][vc_empty_space height=&#8221;35px&#8221;][vc_column_text]<\/p>\n<h2 style=\"text-align: center;\">Formation pour les <span style=\"color: #1084e0;\">Leaders<\/span><\/h2>\n<p>[\/vc_column_text][\/vc_column][\/vc_row][vc_row css=&#8221;.vc_custom_1679775821204{padding-top: 50px !important;}&#8221;][vc_column width=&#8221;1\/4&#8243;][vc_empty_space height=&#8221;35px&#8221;][vc_single_image image=&#8221;16880&#8243; img_size=&#8221;200&#215;200&#8243; alignment=&#8221;center&#8221;][vc_column_text css=&#8221;.vc_custom_1679775072213{padding-top: 35px !important;}&#8221;]<\/p>\n<h3 class=\"list-item-content__title\">Le Leadership Inclusif<\/h3>\n<p>[\/vc_column_text][vc_column_text css=&#8221;.vc_custom_1680132141771{padding-top: 35px !important;}&#8221;]Le leadership implique bien plus que simplement donner des ordres et prendre des d\u00e9cisions. Les leaders qui r\u00e9ussissent poss\u00e8dent un \u00e9ventail de qualit\u00e9s, notamment la capacit\u00e9 d&#8217;influencer les autres, de communiquer efficacement et de constituer des \u00e9quipes solides. L&#8217;une des responsabilit\u00e9s les plus importantes d&#8217;un leader est d&#8217;adopter un comportement inclusif, en traitant \u00e9quitablement tous les membres de l&#8217;\u00e9quipe en fonction de leurs besoins individuels.<\/p>\n<p>Nos s\u00e9ances de leadership aident les dirigeants \u00e0 d\u00e9velopper les attributs n\u00e9cessaires, tels que l&#8217;engagement visible et l&#8217;humilit\u00e9, pour cr\u00e9er une culture inclusive et \u00e9quitable dans leur organisation. De plus, les leaders am\u00e9lioreront \u00e9galement leurs comp\u00e9tences en mati\u00e8re de prise de d\u00e9cision, de r\u00e9solution de probl\u00e8mes, de communication, de motivation et de consolidation d&#8217;\u00e9quipe.[\/vc_column_text][\/vc_column][vc_column width=&#8221;1\/4&#8243;][vc_empty_space height=&#8221;35px&#8221;][vc_single_image image=&#8221;16885&#8243; img_size=&#8221;200&#215;200&#8243; alignment=&#8221;center&#8221;][vc_column_text css=&#8221;.vc_custom_1679775078328{padding-top: 35px !important;}&#8221;]<\/p>\n<h3 class=\"list-item-content__title\">Coaching &amp; Mentorat<\/h3>\n<p>[\/vc_column_text][vc_column_text css=&#8221;.vc_custom_1680119957102{padding-top: 35px !important;}&#8221;]Le coaching est un style de leadership efficace qui peut favoriser l&#8217;engagement et le d\u00e9veloppement des employ\u00e9s. En adoptant des techniques de coaching, les dirigeants peuvent communiquer plus efficacement, fournir des commentaires constructifs et mieux soutenir les employ\u00e9s dans la r\u00e9alisation de leurs objectifs.<\/p>\n<p>Nos ateliers de coaching et de mentorat peuvent enseigner aux leaders les comp\u00e9tences dont ils ont besoin pour devenir des coachs et des mentors efficaces, en les dotant des outils n\u00e9cessaires pour aider leurs \u00e9quipes \u00e0 d\u00e9couvrir leurs solutions et \u00e0 atteindre leur plein potentiel. Avec une approche de coaching du leadership, les dirigeants peuvent cr\u00e9er une culture d&#8217;apprentissage et de croissance continus au sein de leurs organisations.[\/vc_column_text][\/vc_column][vc_column width=&#8221;1\/4&#8243;][vc_empty_space height=&#8221;35px&#8221;][vc_single_image image=&#8221;16888&#8243; img_size=&#8221;200&#215;200&#8243; alignment=&#8221;center&#8221;][vc_column_text css=&#8221;.vc_custom_1679775085115{padding-top: 35px !important;}&#8221;]<\/p>\n<h3 class=\"list-item-content__title\">S\u00e9curit\u00e9 Psychologique<\/h3>\n<p>[\/vc_column_text][vc_column_text css=&#8221;.vc_custom_1680120021494{padding-top: 35px !important;}&#8221;]Les dirigeants qui s&#8217;efforcent de cr\u00e9er une culture d&#8217;entreprise inclusive doivent cultiver un environnement de s\u00e9curit\u00e9 psychologique o\u00f9 les employ\u00e9s se sentent \u00e0 l&#8217;aise de parler et de faire des erreurs sans crainte de repr\u00e9sailles.<\/p>\n<p>Cette s\u00e9ance explorera la dynamique de la s\u00e9curit\u00e9 psychologique, en fournissant aux dirigeants les outils n\u00e9cessaires pour favoriser un milieu de travail juste et \u00e9quitable qui valorise et respecte tous les employ\u00e9s. En cr\u00e9ant une telle culture, les dirigeants peuvent encourager une communication ouverte, promouvoir la croissance et le d\u00e9veloppement et, ainsi, cr\u00e9er une organisation plus productive et plus performante.[\/vc_column_text][\/vc_column][vc_column width=&#8221;1\/4&#8243;][vc_empty_space height=&#8221;35px&#8221;][vc_single_image image=&#8221;16891&#8243; img_size=&#8221;200&#215;200&#8243; alignment=&#8221;center&#8221;][vc_column_text css=&#8221;.vc_custom_1679775090774{padding-top: 35px !important;}&#8221;]<\/p>\n<h3 class=\"list-item-content__title\">Communication Efficace<\/h3>\n<p>[\/vc_column_text][vc_column_text css=&#8221;.vc_custom_1680120195928{padding-top: 35px !important;}&#8221;]Une communication efficace est essentielle pour un leadership fort, et les bons leaders savent comment adapter leur style de communication \u00e0 diff\u00e9rentes situations. Avec les bons outils, les dirigeants peuvent motiver et responsabiliser leurs employ\u00e9s tout en fournissant une r\u00e9troaction efficace.<\/p>\n<p>Nos ateliers de communication peuvent aider les dirigeants \u00e0 explorer diff\u00e9rents styles de communication et \u00e0 apprendre \u00e0 communiquer efficacement avec les autres. En perfectionnant leurs comp\u00e9tences en communication, les dirigeants peuvent \u00e9tablir des relations plus solides avec leurs \u00e9quipes, ce qui peut finalement conduire \u00e0 une am\u00e9lioration des performances organisationnelles et de la satisfaction des employ\u00e9s.[\/vc_column_text][\/vc_column][\/vc_row][vc_row css=&#8221;.vc_custom_1679775808372{padding-top: 50px !important;}&#8221;][vc_column][vc_empty_space height=&#8221;35px&#8221;][vc_column_text]<\/p>\n<h2 style=\"text-align: center;\">De la Formation pour <span style=\"color: #1084e0;\">Tous<\/span><\/h2>\n<p>[\/vc_column_text][\/vc_column][\/vc_row][vc_row css=&#8221;.vc_custom_1679775821204{padding-top: 50px !important;}&#8221;][vc_column width=&#8221;1\/4&#8243;][vc_empty_space height=&#8221;35px&#8221;][vc_single_image image=&#8221;16894&#8243; img_size=&#8221;200&#215;200&#8243; alignment=&#8221;center&#8221;][vc_column_text css=&#8221;.vc_custom_1679775959387{padding-top: 35px !important;}&#8221;]<\/p>\n<h3 class=\"list-item-content__title\">Diversit\u00e9, \u00c9quit\u00e9 et Inclusion<\/h3>\n<p>[\/vc_column_text][vc_column_text css=&#8221;.vc_custom_1680120972709{padding-top: 35px !important;}&#8221;]La cr\u00e9ation d&#8217;une culture de travail diversifi\u00e9e et inclusive est essentielle pour les organisations qui cherchent \u00e0 am\u00e9liorer leurs performances, leur r\u00e9putation et leur r\u00e9ussite globale. Des ateliers ax\u00e9s sur la diversit\u00e9, l&#8217;\u00e9quit\u00e9 et l&#8217;inclusion aident les individus et les \u00e9quipes \u00e0 comprendre les principes fondamentaux de l&#8217;inclusion et comment cr\u00e9er une culture d&#8217;appartenance. En favorisant la sensibilisation et en prenant des mesures sur ces sujets importants, les organisations peuvent am\u00e9liorer leur performance globale et leur culture.[\/vc_column_text][\/vc_column][vc_column width=&#8221;1\/4&#8243;][vc_empty_space height=&#8221;35px&#8221;][vc_single_image image=&#8221;16896&#8243; img_size=&#8221;200&#215;200&#8243; alignment=&#8221;center&#8221;][vc_column_text css=&#8221;.vc_custom_1679775951460{padding-top: 35px !important;}&#8221;]<\/p>\n<h3 class=\"list-item-content__title\">Culture du lieu de travail<\/h3>\n<p>[\/vc_column_text][vc_column_text css=&#8221;.vc_custom_1680121126315{padding-top: 35px !important;}&#8221;]La culture du lieu de travail est un aspect essentiel de toute organisation et fait r\u00e9f\u00e9rence aux valeurs et croyances partag\u00e9es des personnes au sein de l&#8217;organisation, influen\u00e7ant grandement les performances.<\/p>\n<p>Ces ateliers offrent l&#8217;occasion d&#8217;explorer ce qu&#8217;est la culture en milieu de travail et de discuter de strat\u00e9gies pratiques pour favoriser un environnement de travail positif. En se concentrant sur la cr\u00e9ation d&#8217;un environnement de travail inclusif, respectueux et solidaire, les organisations peuvent am\u00e9liorer l&#8217;engagement, la satisfaction et la r\u00e9tention des employ\u00e9s tout en favorisant le succ\u00e8s de l&#8217;entreprise.[\/vc_column_text][\/vc_column][vc_column width=&#8221;1\/4&#8243;][vc_empty_space height=&#8221;35px&#8221;][vc_single_image image=&#8221;16898&#8243; img_size=&#8221;200&#215;200&#8243; alignment=&#8221;center&#8221;][vc_column_text css=&#8221;.vc_custom_1679775941895{padding-top: 35px !important;}&#8221;]<\/p>\n<h3 class=\"list-item-content__title\">\u00catre un Alli\u00e9<\/h3>\n<p>[\/vc_column_text][vc_column_text css=&#8221;.vc_custom_1680121204392{padding-top: 35px !important;}&#8221;]<\/p>\n<p class=\"\">La diversit\u00e9 et l&#8217;inclusion en milieu de travail cr\u00e9ent un espace o\u00f9 les alli\u00e9s peuvent aider les membres des groupes sous-repr\u00e9sent\u00e9s \u00e0 r\u00e9ussir. Les lieux de travail inclusifs valorisent et exploitent les diff\u00e9rences d&#8217;identit\u00e9, de capacit\u00e9, d&#8217;exp\u00e9rience et de perspective, en traitant tous les employ\u00e9s avec respect, dignit\u00e9 et \u00e9quit\u00e9.<\/p>\n<p>Gr\u00e2ce \u00e0 divers ateliers, les individus peuvent apprendre \u00e0 mettre en \u0153uvre des strat\u00e9gies d&#8217;alliance cl\u00e9s, \u00e0 faire passer leur \u00e9quipe d&#8217;un \u00e9tat d&#8217;esprit bas\u00e9 sur la peur \u00e0 un \u00e9tat d&#8217;esprit de croissance et \u00e0 cr\u00e9er une culture de travail inclusive qui soutient et responsabilise tous les employ\u00e9s.[\/vc_column_text][\/vc_column][vc_column width=&#8221;1\/4&#8243;][vc_empty_space height=&#8221;35px&#8221;][vc_single_image image=&#8221;16900&#8243; img_size=&#8221;200&#215;200&#8243; alignment=&#8221;center&#8221;][vc_column_text css=&#8221;.vc_custom_1679776434749{padding-top: 35px !important;}&#8221;]<\/p>\n<h3 class=\"list-item-content__title\">Interrompre Les Pr\u00e9jug\u00e9s Inconscients<\/h3>\n<p>[\/vc_column_text][vc_column_text css=&#8221;.vc_custom_1680122522091{padding-top: 35px !important;}&#8221;]Dans tout lieu de travail, les pr\u00e9jug\u00e9s peuvent nuire \u00e0 la prise de d\u00e9cision et aux relations, entra\u00eenant un manque de diversit\u00e9 et d&#8217;inclusion. Il est important de reconna\u00eetre que les pr\u00e9jug\u00e9s peuvent \u00eatre form\u00e9s inconsciemment, en fonction des exp\u00e9riences et des influences soci\u00e9tales.<\/p>\n<p>En comprenant comment les pr\u00e9jug\u00e9s se forment, en d\u00e9veloppant la conscience de soi et en les interrompant lorsqu&#8217;ils se produisent, nous pouvons cr\u00e9er une culture de travail plus inclusive o\u00f9 tous les individus se sentent respect\u00e9s et valoris\u00e9s.[\/vc_column_text][\/vc_column][\/vc_row][vc_row css=&#8221;.vc_custom_1675839814746{padding-top: 10px !important;}&#8221;][vc_column]<div class=\"edgtf-elements-holder edgtf-responsive-mode-768\" ><div class=\"edgtf-elements-holder-item edgtf-vertical-alignment-top edgtf-eh-with-border\"  >\n\t\t<div class=\"edgtf-elements-holder-item-inner\">\n\t\t<div class=\"edgtf-elements-holder-item-content edgtf-elements-holder-custom-974079\" style=\"padding: 10% 15% 10% 15%\">\n\t\t\t\t\t\t[vc_column_text]<\/p>\n<h3 style=\"text-align: left;\">Karen Diaz<\/h3>\n<p>M.Ed.[\/vc_column_text][vc_empty_space height=&#8221;20px&#8221;][vc_single_image image=&#8221;17040&#8243; img_size=&#8221;300&#215;300&#8243;][vc_empty_space height=&#8221;20px&#8221;][vc_column_text]<strong>Karen Diaz est une conseill\u00e8re de confiance, une facilitatrice accomplie, une consultante et une coach sur l&#8217;efficacit\u00e9 organisationnelle, la transformation et les initiatives de diversit\u00e9, d&#8217;\u00e9quit\u00e9 et d&#8217;inclusion (DEI).<\/strong><\/p>\n<p>Avec plus de 25 ans d&#8217;exp\u00e9rience dans l&#8217;accompagnement des employ\u00e9s, des \u00e9quipes et des organisations dans leur croissance et leur d\u00e9veloppement, Karen a travaill\u00e9 avec des gestionnaires et des employ\u00e9s des secteurs public, priv\u00e9 et sans but lucratif partout au Canada et dans le monde.<\/p>\n<p>Karen a fourni des services de conseil, de formation et de coaching dans une vari\u00e9t\u00e9 d&#8217;industries et de cultures, y compris des \u00e9tablissements d&#8217;enseignement, des organisations du secteur priv\u00e9 et des gouvernements. Elle a d\u00e9montr\u00e9 une connaissance approfondie du d\u00e9veloppement du leadership, des initiatives de lutte contre le racisme et de diversit\u00e9, d&#8217;\u00e9quit\u00e9 et d&#8217;inclusion, et est hautement appr\u00e9ci\u00e9e pour sa capacit\u00e9 \u00e0 cr\u00e9er des initiatives r\u00e9ussies et \u00e0 favoriser des changements significatifs.<\/p>\n<p>En tant que Canadienne Trinidadienne, Karen poss\u00e8de une vaste exp\u00e9rience internationale dans des pays du monde entier. Elle a con\u00e7u et anim\u00e9 plus de 1000 s\u00e9minaires de formation dans le monde, ce qui lui a permis de naviguer dans diff\u00e9rents environnements culturels, lui permettant d&#8217;apporter une perspective internationale unique \u00e0 tout projet ou initiative.[\/vc_column_text][vc_empty_space]<a href=\"mailto:info@mspteambuilding.ca?subject=DEI%20TRAINING:%20Form&#038;body=Please%20send%20me%20more%20info%20on%20your%20DEI%20Training%20(pls%20list%20out%20the%20specific%20subject%20you&#039;re%20interested%20in,%20if%20any)\" target=\"_self\" style=\"font-size: 18px;font-weight: 500\" class=\"edgtf-btn edgtf-btn-large edgtf-btn-solid edgtf-btn-bckg-hover\"  >\n\t\t\t<span class=\"edgtf-btn-text\">REQUEST INFO<\/span>\n\t    <\/a>\t\t<\/div>\n\t<\/div>\n<\/div><\/div>[\/vc_column][\/vc_row][vc_row css=&#8221;.vc_custom_1679775808372{padding-top: 50px !important;}&#8221;][vc_column width=&#8221;1\/2&#8243;][vc_empty_space height=&#8221;35px&#8221;][vc_column_text]<\/p>\n<h2>Concevoir un <span style=\"color: #1084e0;\">Programme de Formation<\/span> qui correspond \u00e0 vos besoins<\/h2>\n<p>[\/vc_column_text][vc_column_text css=&#8221;.vc_custom_1680121631381{padding-top: 35px !important;}&#8221;]Nos programmes de formation dirig\u00e9s par nos instructeurs sont con\u00e7us sur mesure pour r\u00e9pondre aux besoins de la vision et de la culture de travail d&#8217;une organisation. Nos programmes peuvent \u00eatre offerts virtuellement ou en pr\u00e9sentiel, en lunch and learn, en demi-journ\u00e9e ou en journ\u00e9e compl\u00e8te.<\/p>\n<p>Nous comprenons que chaque organisation a des besoins de formation uniques, nous travaillons donc avec vous pour cr\u00e9er un programme qui correspond \u00e0 votre culture de travail et \u00e0 votre vision. De plus, nos programmes peuvent \u00eatre offerts en anglais et en fran\u00e7ais, ce qui garantit l&#8217;inclusion dans vos efforts de formation.[\/vc_column_text][\/vc_column][vc_column width=&#8221;1\/2&#8243;][vc_empty_space height=&#8221;35px&#8221;][vc_single_image image=&#8221;16985&#8243; img_size=&#8221;635&#215;340&#8243;][\/vc_column][\/vc_row][vc_row css=&#8221;.vc_custom_1675839804369{padding-top: 60px !important;}&#8221;][vc_column][vc_column_text][\/vc_column_text][vc_column_text]<\/p>\n<h2 style=\"text-align: center;\"><span style=\"color: #000000;\"><span style=\"vertical-align: inherit;\"><span style=\"vertical-align: inherit;\">Nos Clients<\/span><\/span><\/span><\/h2>\n<p>[\/vc_column_text][vc_single_image image=&#8221;16136&#8243; img_size=&#8221;full&#8221; alignment=&#8221;center&#8221; style=&#8221;vc_box_rounded&#8221; css=&#8221;.vc_custom_1675839690686{padding-top: 30px !important;}&#8221;][\/vc_column][\/vc_row][vc_row css=&#8221;.vc_custom_1675839814746{padding-top: 10px !important;}&#8221;][vc_column][vc_column_text]<\/p>\n<h3 style=\"text-align: center;\"><span style=\"color: #000000;\"><span style=\"vertical-align: inherit;\"><span style=\"vertical-align: inherit;\">Vous avez des Questions? Contactez-Nous!<\/span><\/span><\/span><\/h3>\n<p>[\/vc_column_text][\/vc_column][\/vc_row][vc_row css=&#8221;.vc_custom_1673931234740{padding-top: 40px !important;}&#8221;][vc_column]\n                <iframe data-src=\"https:\/\/api.leadconnectorhq.com\/widget\/form\/diU1d1NinsH6ZwD7m5Xb\"\n                    style=\"width:100%;height:100%;border:none;\" id=\"inline-diU1d1NinsH6ZwD7m5Xb\"\n                    data-layout=\"{'id':'INLINE','minimizedTitle':'','isLeftAligned':true,'isRightAligned':false,'allowMinimize':false}\"\n                    data-trigger-type=\"alwaysShow\" data-trigger-value=\"\" data-activation-type=\"alwaysActivated\" data-activation-value=\"\"\n                    data-deactivation-type=\"neverDeactivate\" data-deactivation-value=\"\" data-form-name=\"Contact Form General FR\" data-height=\"600\"\n                    data-layout-iframe-id=\"inline-diU1d1NinsH6ZwD7m5Xb\" data-form-id=\"diU1d1NinsH6ZwD7m5Xb\" title=\"Contact Form General FR\" src=\"data:image\/svg+xml;base64,PHN2ZyB3aWR0aD0iMSIgaGVpZ2h0PSIxIiB4bWxucz0iaHR0cDovL3d3dy53My5vcmcvMjAwMC9zdmciPjwvc3ZnPg==\" class=\"lazyload\" data-load-mode=\"1\">\n                <\/iframe>\n                <script src=\"https:\/\/link.msgsndr.com\/js\/form_embed.js\"><\/script>\n            [\/vc_column][\/vc_row][vc_row css=&#8221;.vc_custom_1673931234740{padding-top: 40px !important;}&#8221;][vc_column][vc_column_text][\/vc_column_text][vc_column_text]<\/p>\n<h3 style=\"text-align: center;\"><strong>Vous avez un <span style=\"color: #005ca5;\">\u00e9v\u00e9nement de Team building<\/span> prochainement?<\/strong><\/h3>\n<p>[\/vc_column_text][\/vc_column][\/vc_row][vc_row css=&#8221;.vc_custom_1673931234740{padding-top: 40px !important;}&#8221;][vc_column][vc_column_text][\/vc_column_text][vc_column_text]<\/p>\n<p style=\"text-align: center;\"><span style=\"vertical-align: inherit;\"><span style=\"vertical-align: inherit;\"><span style=\"vertical-align: inherit;\"><span style=\"vertical-align: inherit;\">Pr\u00e9parez votre prochaine rencontre en quelques clics !<\/span><\/span><\/span><\/span><\/p>\n<p style=\"text-align: center;\"><span style=\"vertical-align: inherit;\"><span style=\"vertical-align: inherit;\"><span style=\"vertical-align: inherit;\"><span style=\"vertical-align: inherit;\">Vous ne trouvez pas le temps de r\u00e9server un appel ? <\/span><\/span><\/span><span style=\"vertical-align: inherit;\"><span style=\"vertical-align: inherit;\"><span style=\"vertical-align: inherit;\">Remplissez notre formulaire pour obtenir, dans 24 heures, une liste d&#8217;activit\u00e9s et de prix ax\u00e9s sur les besoins de votre \u00e9quipe. <\/span><\/span><\/span><span style=\"vertical-align: inherit;\"><span style=\"vertical-align: inherit;\"><span style=\"vertical-align: inherit;\">C&#8217;est aussi simple que \u00e7a!<\/span><\/span><\/span><\/span><\/p>\n<p style=\"text-align: center;\"><span style=\"vertical-align: inherit;\"><span style=\"vertical-align: inherit;\"><span style=\"vertical-align: inherit;\"><span style=\"vertical-align: inherit;\">Am\u00e9liorez vos comp\u00e9tences d&#8217;\u00e9quipe avec un programme de team building sur mesure.<\/span><\/span><\/span><\/span><\/p>\n<p>[\/vc_column_text][\/vc_column][\/vc_row][vc_row content_aligment=&#8221;center&#8221; css=&#8221;.vc_custom_1675096126900{padding-top: 40px !important;padding-bottom: 40px !important;}&#8221;][vc_column width=&#8221;1\/6&#8243;][\/vc_column][vc_column width=&#8221;1\/3&#8243; css=&#8221;.vc_custom_1675096551594{padding-top: 10px !important;}&#8221;]<a href=\"https:\/\/calendly.com\/claire-mspteambuilding\" target=\"_blank\" style=\"font-size: 18px;font-weight: 500\" class=\"edgtf-btn edgtf-btn-large edgtf-btn-solid edgtf-btn-bckg-hover\"  >\n\t\t\t<span class=\"edgtf-btn-text\">R\u00c9SERVEZ UN APPEL<\/span>\n\t    <\/a>[\/vc_column][vc_column width=&#8221;1\/3&#8243; css=&#8221;.vc_custom_1675096120667{padding-top: 10px !important;}&#8221;][\/vc_column][vc_column width=&#8221;1\/6&#8243;][\/vc_column][\/vc_row]<\/p>\n<\/div>","protected":false},"excerpt":{"rendered":"<p>[vc_row][vc_column][vc_column_text][\/vc_column_text][\/vc_column][\/vc_row][vc_row][vc_column][vc_column_text] [\/vc_column_text][\/vc_column][\/vc_row][vc_row][vc_column][vc_column_text] [\/vc_column_text][\/vc_column][\/vc_row][vc_row][vc_column][vc_empty_space height=&#8221;16px&#8221;][\/vc_column][\/vc_row][vc_row][vc_column width=&#8221;1\/2&#8243;][vc_column_text] Diversit\u00e9, \u00c9quit\u00e9, Inclusion [\/vc_column_text][vc_empty_space height=&#8221;&#8221;][vc_column_text css=&#8221;.vc_custom_1680116365089{padding-top: 20px !important;padding-bottom: 20px !important;}&#8221;]Chez MSP Teambuilding, nous croyons fortement qu&#8217;un lieu de travail inclusif et diversifi\u00e9 est non seulement imp\u00e9ratif pour un environnement de travail positif et sain, mais qu&#8217;il joue \u00e9galement un r\u00f4le vital pour stimuler l&#8217;innovation, favoriser&#8230;<\/p>\n","protected":false},"author":4,"featured_media":0,"parent":0,"menu_order":0,"comment_status":"closed","ping_status":"closed","template":"","meta":{"_acf_changed":false,"footnotes":""},"class_list":["post-17004","page","type-page","status-publish","hentry"],"acf":[],"yoast_head":"<!-- This site is optimized with the Yoast SEO Premium plugin v21.8 (Yoast SEO v27.3) - https:\/\/yoast.com\/product\/yoast-seo-premium-wordpress\/ -->\n<title>Diversit\u00e9, \u00c9quit\u00e9, Inclusion - MSP Teambuilding<\/title>\n<meta name=\"description\" content=\"Chez MSP Teambuilding, nous croyons fortement qu&#039;un lieu de travail inclusif et diversifi\u00e9 est non seulement imp\u00e9ratif pour un environnement de travail positif et sain, mais qu&#039;il joue \u00e9galement un r\u00f4le vital pour stimuler l&#039;innovation, favoriser la cr\u00e9ativit\u00e9 et, ainsi, cr\u00e9er le succ\u00e8s d&#039;une entreprise.\" \/>\n<meta name=\"robots\" content=\"index, follow, max-snippet:-1, max-image-preview:large, max-video-preview:-1\" \/>\n<link rel=\"canonical\" href=\"https:\/\/mspteambuilding.ca\/fr\/diversite-equite-inclusion\/\" \/>\n<meta property=\"og:locale\" content=\"fr_FR\" \/>\n<meta property=\"og:type\" content=\"article\" \/>\n<meta property=\"og:title\" content=\"MSP Teambuilding\" \/>\n<meta property=\"og:description\" content=\"Chez MSP Teambuilding, nous croyons fortement qu&#039;un lieu de travail inclusif et diversifi\u00e9 est non seulement imp\u00e9ratif pour un environnement de travail positif et sain, mais qu&#039;il joue \u00e9galement un r\u00f4le vital pour stimuler l&#039;innovation, favoriser la cr\u00e9ativit\u00e9 et, ainsi, cr\u00e9er le succ\u00e8s d&#039;une entreprise.\" \/>\n<meta property=\"og:url\" content=\"https:\/\/mspteambuilding.ca\/fr\/diversite-equite-inclusion\/\" \/>\n<meta property=\"og:site_name\" content=\"MSP Teambuilding\" \/>\n<meta property=\"article:publisher\" content=\"https:\/\/www.facebook.com\/mspteambuilding\" \/>\n<meta property=\"article:modified_time\" content=\"2025-09-25T02:28:11+00:00\" \/>\n<meta property=\"og:image\" content=\"https:\/\/mspteambuilding.ca\/wp-content\/uploads\/2023\/04\/MSP-Teambuilding-1024x572.png\" \/>\n<meta name=\"twitter:card\" content=\"summary_large_image\" \/>\n<meta name=\"twitter:site\" content=\"@teambuildingmsp\" \/>\n<meta name=\"twitter:label1\" content=\"Dur\u00e9e de lecture estim\u00e9e\" \/>\n\t<meta name=\"twitter:data1\" content=\"7 minutes\" \/>\n<script type=\"application\/ld+json\" class=\"yoast-schema-graph\">{\"@context\":\"https:\\\/\\\/schema.org\",\"@graph\":[{\"@type\":\"WebPage\",\"@id\":\"https:\\\/\\\/mspteambuilding.ca\\\/fr\\\/diversite-equite-inclusion\\\/\",\"url\":\"https:\\\/\\\/mspteambuilding.ca\\\/fr\\\/diversite-equite-inclusion\\\/\",\"name\":\"Diversit\u00e9, \u00c9quit\u00e9, Inclusion - MSP Teambuilding\",\"isPartOf\":{\"@id\":\"https:\\\/\\\/mspteambuilding.ca\\\/#website\"},\"datePublished\":\"2023-03-25T20:53:25+00:00\",\"dateModified\":\"2025-09-25T02:28:11+00:00\",\"description\":\"Chez MSP Teambuilding, nous croyons fortement qu'un lieu de travail inclusif et diversifi\u00e9 est non seulement imp\u00e9ratif pour un environnement de travail positif et sain, mais qu'il joue \u00e9galement un r\u00f4le vital pour stimuler l'innovation, favoriser la cr\u00e9ativit\u00e9 et, ainsi, cr\u00e9er le succ\u00e8s d'une entreprise.\",\"breadcrumb\":{\"@id\":\"https:\\\/\\\/mspteambuilding.ca\\\/fr\\\/diversite-equite-inclusion\\\/#breadcrumb\"},\"inLanguage\":\"fr-FR\",\"potentialAction\":[{\"@type\":\"ReadAction\",\"target\":[\"https:\\\/\\\/mspteambuilding.ca\\\/fr\\\/diversite-equite-inclusion\\\/\"]}]},{\"@type\":\"BreadcrumbList\",\"@id\":\"https:\\\/\\\/mspteambuilding.ca\\\/fr\\\/diversite-equite-inclusion\\\/#breadcrumb\",\"itemListElement\":[{\"@type\":\"ListItem\",\"position\":1,\"name\":\"Home\",\"item\":\"https:\\\/\\\/mspteambuilding.ca\\\/fr\\\/\"},{\"@type\":\"ListItem\",\"position\":2,\"name\":\"Diversit\u00e9, \u00c9quit\u00e9, Inclusion\"}]},{\"@type\":\"WebSite\",\"@id\":\"https:\\\/\\\/mspteambuilding.ca\\\/#website\",\"url\":\"https:\\\/\\\/mspteambuilding.ca\\\/\",\"name\":\"MSP Teambuilding\",\"description\":\"Transforming Company Culture, One Human Connection at a time.\",\"publisher\":{\"@id\":\"https:\\\/\\\/mspteambuilding.ca\\\/#organization\"},\"potentialAction\":[{\"@type\":\"SearchAction\",\"target\":{\"@type\":\"EntryPoint\",\"urlTemplate\":\"https:\\\/\\\/mspteambuilding.ca\\\/?s={search_term_string}\"},\"query-input\":{\"@type\":\"PropertyValueSpecification\",\"valueRequired\":true,\"valueName\":\"search_term_string\"}}],\"inLanguage\":\"fr-FR\"},{\"@type\":\"Organization\",\"@id\":\"https:\\\/\\\/mspteambuilding.ca\\\/#organization\",\"name\":\"MSP TeamBuilding\",\"url\":\"https:\\\/\\\/mspteambuilding.ca\\\/\",\"logo\":{\"@type\":\"ImageObject\",\"inLanguage\":\"fr-FR\",\"@id\":\"https:\\\/\\\/mspteambuilding.ca\\\/#\\\/schema\\\/logo\\\/image\\\/\",\"url\":\"https:\\\/\\\/mspteambuilding.ca\\\/wp-content\\\/uploads\\\/2019\\\/03\\\/cropped-mspteambuilding-favicon.png\",\"contentUrl\":\"https:\\\/\\\/mspteambuilding.ca\\\/wp-content\\\/uploads\\\/2019\\\/03\\\/cropped-mspteambuilding-favicon.png\",\"width\":512,\"height\":512,\"caption\":\"MSP TeamBuilding\"},\"image\":{\"@id\":\"https:\\\/\\\/mspteambuilding.ca\\\/#\\\/schema\\\/logo\\\/image\\\/\"},\"sameAs\":[\"https:\\\/\\\/www.facebook.com\\\/mspteambuilding\",\"https:\\\/\\\/x.com\\\/teambuildingmsp\",\"https:\\\/\\\/www.instagram.com\\\/mspteambuilding\\\/\",\"https:\\\/\\\/www.linkedin.com\\\/company\\\/msp-teambuilding\",\"https:\\\/\\\/www.youtube.com\\\/channel\\\/UCKzGwb2bi6TEYMFmEfboppg\\\/\"]}]}<\/script>\n<!-- \/ Yoast SEO Premium plugin. -->","yoast_head_json":{"title":"Diversit\u00e9, \u00c9quit\u00e9, Inclusion - MSP Teambuilding","description":"Chez MSP Teambuilding, nous croyons fortement qu'un lieu de travail inclusif et diversifi\u00e9 est non seulement imp\u00e9ratif pour un environnement de travail positif et sain, mais qu'il joue \u00e9galement un r\u00f4le vital pour stimuler l'innovation, favoriser la cr\u00e9ativit\u00e9 et, ainsi, cr\u00e9er le succ\u00e8s d'une entreprise.","robots":{"index":"index","follow":"follow","max-snippet":"max-snippet:-1","max-image-preview":"max-image-preview:large","max-video-preview":"max-video-preview:-1"},"canonical":"https:\/\/mspteambuilding.ca\/fr\/diversite-equite-inclusion\/","og_locale":"fr_FR","og_type":"article","og_title":"MSP Teambuilding","og_description":"Chez MSP Teambuilding, nous croyons fortement qu'un lieu de travail inclusif et diversifi\u00e9 est non seulement imp\u00e9ratif pour un environnement de travail positif et sain, mais qu'il joue \u00e9galement un r\u00f4le vital pour stimuler l'innovation, favoriser la cr\u00e9ativit\u00e9 et, ainsi, cr\u00e9er le succ\u00e8s d'une entreprise.","og_url":"https:\/\/mspteambuilding.ca\/fr\/diversite-equite-inclusion\/","og_site_name":"MSP Teambuilding","article_publisher":"https:\/\/www.facebook.com\/mspteambuilding","article_modified_time":"2025-09-25T02:28:11+00:00","og_image":[{"url":"https:\/\/mspteambuilding.ca\/wp-content\/uploads\/2023\/04\/MSP-Teambuilding-1024x572.png","type":"","width":"","height":""}],"twitter_card":"summary_large_image","twitter_site":"@teambuildingmsp","twitter_misc":{"Dur\u00e9e de lecture estim\u00e9e":"7 minutes"},"schema":{"@context":"https:\/\/schema.org","@graph":[{"@type":"WebPage","@id":"https:\/\/mspteambuilding.ca\/fr\/diversite-equite-inclusion\/","url":"https:\/\/mspteambuilding.ca\/fr\/diversite-equite-inclusion\/","name":"Diversit\u00e9, \u00c9quit\u00e9, Inclusion - MSP Teambuilding","isPartOf":{"@id":"https:\/\/mspteambuilding.ca\/#website"},"datePublished":"2023-03-25T20:53:25+00:00","dateModified":"2025-09-25T02:28:11+00:00","description":"Chez MSP Teambuilding, nous croyons fortement qu'un lieu de travail inclusif et diversifi\u00e9 est non seulement imp\u00e9ratif pour un environnement de travail positif et sain, mais qu'il joue \u00e9galement un r\u00f4le vital pour stimuler l'innovation, favoriser la cr\u00e9ativit\u00e9 et, ainsi, cr\u00e9er le succ\u00e8s d'une entreprise.","breadcrumb":{"@id":"https:\/\/mspteambuilding.ca\/fr\/diversite-equite-inclusion\/#breadcrumb"},"inLanguage":"fr-FR","potentialAction":[{"@type":"ReadAction","target":["https:\/\/mspteambuilding.ca\/fr\/diversite-equite-inclusion\/"]}]},{"@type":"BreadcrumbList","@id":"https:\/\/mspteambuilding.ca\/fr\/diversite-equite-inclusion\/#breadcrumb","itemListElement":[{"@type":"ListItem","position":1,"name":"Home","item":"https:\/\/mspteambuilding.ca\/fr\/"},{"@type":"ListItem","position":2,"name":"Diversit\u00e9, \u00c9quit\u00e9, Inclusion"}]},{"@type":"WebSite","@id":"https:\/\/mspteambuilding.ca\/#website","url":"https:\/\/mspteambuilding.ca\/","name":"MSP Teambuilding","description":"Transforming Company Culture, One Human Connection at a time.","publisher":{"@id":"https:\/\/mspteambuilding.ca\/#organization"},"potentialAction":[{"@type":"SearchAction","target":{"@type":"EntryPoint","urlTemplate":"https:\/\/mspteambuilding.ca\/?s={search_term_string}"},"query-input":{"@type":"PropertyValueSpecification","valueRequired":true,"valueName":"search_term_string"}}],"inLanguage":"fr-FR"},{"@type":"Organization","@id":"https:\/\/mspteambuilding.ca\/#organization","name":"MSP TeamBuilding","url":"https:\/\/mspteambuilding.ca\/","logo":{"@type":"ImageObject","inLanguage":"fr-FR","@id":"https:\/\/mspteambuilding.ca\/#\/schema\/logo\/image\/","url":"https:\/\/mspteambuilding.ca\/wp-content\/uploads\/2019\/03\/cropped-mspteambuilding-favicon.png","contentUrl":"https:\/\/mspteambuilding.ca\/wp-content\/uploads\/2019\/03\/cropped-mspteambuilding-favicon.png","width":512,"height":512,"caption":"MSP TeamBuilding"},"image":{"@id":"https:\/\/mspteambuilding.ca\/#\/schema\/logo\/image\/"},"sameAs":["https:\/\/www.facebook.com\/mspteambuilding","https:\/\/x.com\/teambuildingmsp","https:\/\/www.instagram.com\/mspteambuilding\/","https:\/\/www.linkedin.com\/company\/msp-teambuilding","https:\/\/www.youtube.com\/channel\/UCKzGwb2bi6TEYMFmEfboppg\/"]}]}},"_links":{"self":[{"href":"https:\/\/mspteambuilding.ca\/fr\/wp-json\/wp\/v2\/pages\/17004","targetHints":{"allow":["GET"]}}],"collection":[{"href":"https:\/\/mspteambuilding.ca\/fr\/wp-json\/wp\/v2\/pages"}],"about":[{"href":"https:\/\/mspteambuilding.ca\/fr\/wp-json\/wp\/v2\/types\/page"}],"author":[{"embeddable":true,"href":"https:\/\/mspteambuilding.ca\/fr\/wp-json\/wp\/v2\/users\/4"}],"replies":[{"embeddable":true,"href":"https:\/\/mspteambuilding.ca\/fr\/wp-json\/wp\/v2\/comments?post=17004"}],"version-history":[{"count":0,"href":"https:\/\/mspteambuilding.ca\/fr\/wp-json\/wp\/v2\/pages\/17004\/revisions"}],"wp:attachment":[{"href":"https:\/\/mspteambuilding.ca\/fr\/wp-json\/wp\/v2\/media?parent=17004"}],"curies":[{"name":"wp","href":"https:\/\/api.w.org\/{rel}","templated":true}]}}